{"id":2329,"date":"2025-09-07T23:26:20","date_gmt":"2025-09-07T21:26:20","guid":{"rendered":"https:\/\/www.etaplestriathlon.com\/?page_id=2329"},"modified":"2025-09-08T21:43:58","modified_gmt":"2025-09-08T19:43:58","slug":"guide-du-triathlete","status":"publish","type":"page","link":"https:\/\/www.etaplestriathlon.com\/?page_id=2329","title":{"rendered":"Guide du triathl\u00e8te"},"content":{"rendered":"\n<div data-canvas-width=\"328.40818411097086\">Vous allez prendre le d\u00e9part de l\u2019\u00e9preuve du triathlon M (1.5km \/ 43km \/<\/div>\n<div data-canvas-width=\"397.91905422446393\">11 km) et L ( 1.5 \/ 78 km et 21 km)\u00a0 le dimanche 21 septembre 2025 \u00e0 12h30 \u00e0 Etaples sur Mer !<\/div>\n<div data-canvas-width=\"479.26770491803273\">\u00a0<\/div>\n<div data-canvas-width=\"504.2064438839848\">Nous vous invitons \u00e0 consulter le m\u00e9mo course en pi\u00e8ce jointe ci dessous :\u00a0\u00a0<\/div>\n<div data-canvas-width=\"504.2064438839848\">\u00a0<\/div>\n<div style=\"text-align: center;\" data-canvas-width=\"504.2064438839848\">\u00a0 <a href=\"https:\/\/www.etaplestriathlon.com\/wp-content\/uploads\/2025\/09\/Guide-du-triathlete-2.pdf\">Guide du triathl\u00e8te<\/a><\/div>\n<div data-canvas-width=\"504.2064438839848\">\u00a0<\/div>\n<div data-canvas-width=\"369.96673392181594\"><span style=\"color: #ff0000;\"><strong>Attention nous ne fournissons plus de bonnets !!!<\/strong><\/span><\/div>\n<div data-canvas-width=\"369.96673392181594\">\u00a0<\/div>\n<div data-canvas-width=\"547.3349432534678\">Par ailleurs, un briefing d\u2019avant course sera assur\u00e9 par l\u2019organisation 15<\/div>\n<div data-canvas-width=\"290.2241235813366\">minutes avant le d\u00e9part de l\u2019\u00e9preuve . Nous vous invitons vivement \u00e0 y<\/div>\n<div data-canvas-width=\"103.255762925599\">prendre part.<\/div>\n<div data-canvas-width=\"103.255762925599\">\u00a0<\/div>\n<div data-canvas-width=\"103.255762925599\"><span style=\"color: #ff0000;\"><strong>Attention respect du code de la route sur la partie v\u00e9lo et CAP<\/strong>\u00a0<\/span><\/div>\n<div data-canvas-width=\"103.255762925599\">\u00a0<\/div>\n<div data-canvas-width=\"103.255762925599\"><span style=\"color: #ff0000;\">Attention<\/span> aussi car c&rsquo;est <span style=\"color: #ffff00;\">les Journ\u00e9es du Patrimoine<\/span> , il va y avoir du monde dans certaines communes travers\u00e9es. Veuillez \u00e0 respecter le code de la route et les usagers.\u00a0\u00a0<\/div>\n<div data-canvas-width=\"335.35566204287505\">\u00a0<\/div>\n<div data-canvas-width=\"335.35566204287505\">Toute l\u2019\u00e9quipe de l\u2019AS ETAPLES triathlon<\/div>\n<div data-canvas-width=\"206.69197982345526\">vous souhaite une bonne pr\u00e9paration et vous donne rendez-vous dans quelques jours a Etaples sur Mer !<\/div>\n","protected":false},"excerpt":{"rendered":"<p>Vous allez prendre le d\u00e9part de l\u2019\u00e9preuve du triathlon M (1.5km \/ 43km \/ 11 km) et L ( 1.5 \/ 78 km et 21 km)\u00a0 le dimanche 21 septembre 2025 \u00e0 12h30 \u00e0 Etaples sur Mer ! \u00a0 Nous vous invitons \u00e0 consulter le m\u00e9mo course en pi\u00e8ce jointe ci dessous :\u00a0\u00a0 \u00a0 \u00a0 [&hellip;]<\/p>\n","protected":false},"author":1,"featured_media":0,"parent":0,"menu_order":0,"comment_status":"closed","ping_status":"closed","template":"","meta":{"jetpack_post_was_ever_published":false,"footnotes":""},"class_list":["post-2329","page","type-page","status-publish","hentry"],"jetpack_sharing_enabled":true,"jetpack_shortlink":"https:\/\/wp.me\/PaJ7x8-Bz","jetpack-related-posts":[],"_links":{"self":[{"href":"https:\/\/www.etaplestriathlon.com\/index.php?rest_route=\/wp\/v2\/pages\/2329"}],"collection":[{"href":"https:\/\/www.etaplestriathlon.com\/index.php?rest_route=\/wp\/v2\/pages"}],"about":[{"href":"https:\/\/www.etaplestriathlon.com\/index.php?rest_route=\/wp\/v2\/types\/page"}],"author":[{"embeddable":true,"href":"https:\/\/www.etaplestriathlon.com\/index.php?rest_route=\/wp\/v2\/users\/1"}],"replies":[{"embeddable":true,"href":"https:\/\/www.etaplestriathlon.com\/index.php?rest_route=%2Fwp%2Fv2%2Fcomments&post=2329"}],"version-history":[{"count":3,"href":"https:\/\/www.etaplestriathlon.com\/index.php?rest_route=\/wp\/v2\/pages\/2329\/revisions"}],"predecessor-version":[{"id":2353,"href":"https:\/\/www.etaplestriathlon.com\/index.php?rest_route=\/wp\/v2\/pages\/2329\/revisions\/2353"}],"wp:attachment":[{"href":"https:\/\/www.etaplestriathlon.com\/index.php?rest_route=%2Fwp%2Fv2%2Fmedia&parent=2329"}],"curies":[{"name":"wp","href":"https:\/\/api.w.org\/{rel}","templated":true}]}}