{"id":2341,"date":"2025-09-08T00:31:37","date_gmt":"2025-09-07T22:31:37","guid":{"rendered":"https:\/\/www.etaplestriathlon.com\/?page_id=2341"},"modified":"2026-02-02T14:56:09","modified_gmt":"2026-02-02T13:56:09","slug":"parcours-2025","status":"publish","type":"page","link":"https:\/\/www.etaplestriathlon.com\/?page_id=2341","title":{"rendered":"Parcours 2026"},"content":{"rendered":"\n<p><span style=\"color: #ffff00;\">Natation :<\/span><br><br><\/p>\n<p>D\u00e9part all start . Hommes, Femmes et relais&nbsp; \u00e0 la m\u00eame heure.&nbsp;<\/p>\n<p>1500 m pour le L et M.&nbsp;&nbsp;<\/p>\n<p><img data-recalc-dims=\"1\" fetchpriority=\"high\" decoding=\"async\" data-attachment-id=\"2344\" data-permalink=\"https:\/\/www.etaplestriathlon.com\/?attachment_id=2344\" data-orig-file=\"https:\/\/i0.wp.com\/www.etaplestriathlon.com\/wp-content\/uploads\/2025\/09\/natation.jpg?fit=625%2C412&amp;ssl=1\" data-orig-size=\"625,412\" data-comments-opened=\"0\" data-image-meta=\"{&quot;aperture&quot;:&quot;0&quot;,&quot;credit&quot;:&quot;&quot;,&quot;camera&quot;:&quot;&quot;,&quot;caption&quot;:&quot;&quot;,&quot;created_timestamp&quot;:&quot;0&quot;,&quot;copyright&quot;:&quot;&quot;,&quot;focal_length&quot;:&quot;0&quot;,&quot;iso&quot;:&quot;0&quot;,&quot;shutter_speed&quot;:&quot;0&quot;,&quot;title&quot;:&quot;&quot;,&quot;orientation&quot;:&quot;0&quot;}\" data-image-title=\"natation\" data-image-description=\"\" data-image-caption=\"\" data-medium-file=\"https:\/\/i0.wp.com\/www.etaplestriathlon.com\/wp-content\/uploads\/2025\/09\/natation.jpg?fit=300%2C198&amp;ssl=1\" data-large-file=\"https:\/\/i0.wp.com\/www.etaplestriathlon.com\/wp-content\/uploads\/2025\/09\/natation.jpg?fit=625%2C412&amp;ssl=1\" class=\"alignnone size-full wp-image-2344\" src=\"https:\/\/i0.wp.com\/www.etaplestriathlon.com\/wp-content\/uploads\/2025\/09\/natation.jpg?resize=625%2C412&#038;ssl=1\" alt=\"\" width=\"625\" height=\"412\" srcset=\"https:\/\/i0.wp.com\/www.etaplestriathlon.com\/wp-content\/uploads\/2025\/09\/natation.jpg?w=625&amp;ssl=1 625w, https:\/\/i0.wp.com\/www.etaplestriathlon.com\/wp-content\/uploads\/2025\/09\/natation.jpg?resize=300%2C198&amp;ssl=1 300w, https:\/\/i0.wp.com\/www.etaplestriathlon.com\/wp-content\/uploads\/2025\/09\/natation.jpg?resize=210%2C138&amp;ssl=1 210w\" sizes=\"(max-width: 625px) 100vw, 625px\" \/><\/p>\n\n\n\n<p><span style=\"color: #ffff00;\">V\u00e9lo :<\/span><\/p>\n<ul>\n<li>parcours L 78 km\n<ul>\n<li><a href=\"https:\/\/connect.garmin.com\/modern\/course\/341955868\">https:\/\/connect.garmin.com\/modern\/course\/341955868<\/a><\/li>\n<li>2 ravitos (25\u00e8me et 65\u00e8me k)<\/li>\n<\/ul>\n<\/li>\n<li>parcours M 43 km&nbsp;\n<ul>\n<li><a href=\"https:\/\/connect.garmin.com\/modern\/course\/341953328\">https:\/\/connect.garmin.com\/modern\/course\/341953328<\/a><\/li>\n<li>1 ravito (25\u00e8me km)<\/li>\n<\/ul>\n<\/li>\n<li><img data-recalc-dims=\"1\" decoding=\"async\" data-attachment-id=\"2345\" data-permalink=\"https:\/\/www.etaplestriathlon.com\/?attachment_id=2345\" data-orig-file=\"https:\/\/i0.wp.com\/www.etaplestriathlon.com\/wp-content\/uploads\/2025\/09\/image-2.png?fit=702%2C516&amp;ssl=1\" data-orig-size=\"702,516\" data-comments-opened=\"0\" data-image-meta=\"{&quot;aperture&quot;:&quot;0&quot;,&quot;credit&quot;:&quot;&quot;,&quot;camera&quot;:&quot;&quot;,&quot;caption&quot;:&quot;&quot;,&quot;created_timestamp&quot;:&quot;0&quot;,&quot;copyright&quot;:&quot;&quot;,&quot;focal_length&quot;:&quot;0&quot;,&quot;iso&quot;:&quot;0&quot;,&quot;shutter_speed&quot;:&quot;0&quot;,&quot;title&quot;:&quot;&quot;,&quot;orientation&quot;:&quot;0&quot;}\" data-image-title=\"image\" data-image-description=\"\" data-image-caption=\"\" data-medium-file=\"https:\/\/i0.wp.com\/www.etaplestriathlon.com\/wp-content\/uploads\/2025\/09\/image-2.png?fit=300%2C221&amp;ssl=1\" data-large-file=\"https:\/\/i0.wp.com\/www.etaplestriathlon.com\/wp-content\/uploads\/2025\/09\/image-2.png?fit=702%2C516&amp;ssl=1\" class=\"alignnone size-full wp-image-2345\" src=\"https:\/\/i0.wp.com\/www.etaplestriathlon.com\/wp-content\/uploads\/2025\/09\/image-2.png?resize=702%2C516&#038;ssl=1\" alt=\"\" width=\"702\" height=\"516\" srcset=\"https:\/\/i0.wp.com\/www.etaplestriathlon.com\/wp-content\/uploads\/2025\/09\/image-2.png?w=702&amp;ssl=1 702w, https:\/\/i0.wp.com\/www.etaplestriathlon.com\/wp-content\/uploads\/2025\/09\/image-2.png?resize=300%2C221&amp;ssl=1 300w, https:\/\/i0.wp.com\/www.etaplestriathlon.com\/wp-content\/uploads\/2025\/09\/image-2.png?resize=210%2C154&amp;ssl=1 210w\" sizes=\"(max-width: 702px) 100vw, 702px\" \/><\/li>\n<\/ul>\n\n\n\n<p><span style=\"color: #ffff00;\">Course \u00e0 pieds :<\/span><\/p>\n<ul>\n<li><a href=\"https:\/\/connect.garmin.com\/modern\/course\/388513018\">boucle de 5 km\u00a0<\/a><\/li>\n<li>Triathlon M\n<ul>\n<li>2 boucles<\/li>\n<li>6 ravitos<\/li>\n<\/ul>\n<\/li>\n<li>Triathlon L\n<ul>\n<li>4 boucles<\/li>\n<li>12 ravitos<\/li>\n<\/ul>\n<\/li>\n<\/ul>\n","protected":false},"excerpt":{"rendered":"<p>Natation : D\u00e9part all start . Hommes, Femmes et relais&nbsp; \u00e0 la m\u00eame heure.&nbsp; 1500 m pour le L et M.&nbsp;&nbsp; V\u00e9lo : parcours L 78 km https:\/\/connect.garmin.com\/modern\/course\/341955868 2 ravitos (25\u00e8me et 65\u00e8me k) parcours M 43 km&nbsp; https:\/\/connect.garmin.com\/modern\/course\/341953328 1 ravito (25\u00e8me km) Course \u00e0 pieds : boucle de 5 km\u00a0 Triathlon M 2 boucles [&hellip;]<\/p>\n","protected":false},"author":1,"featured_media":0,"parent":0,"menu_order":0,"comment_status":"closed","ping_status":"closed","template":"","meta":{"jetpack_post_was_ever_published":false,"footnotes":""},"class_list":["post-2341","page","type-page","status-publish","hentry"],"jetpack_sharing_enabled":true,"jetpack_shortlink":"https:\/\/wp.me\/PaJ7x8-BL","jetpack-related-posts":[],"_links":{"self":[{"href":"https:\/\/www.etaplestriathlon.com\/index.php?rest_route=\/wp\/v2\/pages\/2341"}],"collection":[{"href":"https:\/\/www.etaplestriathlon.com\/index.php?rest_route=\/wp\/v2\/pages"}],"about":[{"href":"https:\/\/www.etaplestriathlon.com\/index.php?rest_route=\/wp\/v2\/types\/page"}],"author":[{"embeddable":true,"href":"https:\/\/www.etaplestriathlon.com\/index.php?rest_route=\/wp\/v2\/users\/1"}],"replies":[{"embeddable":true,"href":"https:\/\/www.etaplestriathlon.com\/index.php?rest_route=%2Fwp%2Fv2%2Fcomments&post=2341"}],"version-history":[{"count":3,"href":"https:\/\/www.etaplestriathlon.com\/index.php?rest_route=\/wp\/v2\/pages\/2341\/revisions"}],"predecessor-version":[{"id":2375,"href":"https:\/\/www.etaplestriathlon.com\/index.php?rest_route=\/wp\/v2\/pages\/2341\/revisions\/2375"}],"wp:attachment":[{"href":"https:\/\/www.etaplestriathlon.com\/index.php?rest_route=%2Fwp%2Fv2%2Fmedia&parent=2341"}],"curies":[{"name":"wp","href":"https:\/\/api.w.org\/{rel}","templated":true}]}}